{"id":18,"date":"2021-12-06T15:41:13","date_gmt":"2021-12-06T14:41:13","guid":{"rendered":"http:\/\/club-arada.fr\/?page_id=18"},"modified":"2024-02-07T08:20:50","modified_gmt":"2024-02-07T07:20:50","slug":"accueil","status":"publish","type":"page","link":"http:\/\/club-arada.fr\/","title":{"rendered":"Accueil"},"content":{"rendered":"\n<p class=\"has-text-align-center\"><strong>Bonjour et Bienvenue \u00e0 toutes et tous,<\/strong><\/p>\n\n\n\n<p><\/p>\n\n\n\n<figure class=\"wp-block-image size-full\"><img loading=\"lazy\" width=\"150\" height=\"155\" src=\"http:\/\/club-arada.fr\/wp-content\/uploads\/2022\/12\/derniere-minute-02-1.gif\" alt=\"\" class=\"wp-image-1606\"\/><\/figure>\n\n\n\n<hr class=\"wp-block-separator has-alpha-channel-opacity\"\/>\n\n\n\n<p>F\u00e9vrier 2024, l&rsquo;ARADA est sur les routes avec le Monte Carlo Historique :<\/p>\n\n\n\n<p><\/p>\n\n\n\n<figure class=\"wp-block-image size-large\"><img loading=\"lazy\" width=\"1024\" height=\"690\" src=\"http:\/\/club-arada.fr\/wp-content\/uploads\/2024\/02\/P1080339-1024x690.jpg\" alt=\"\" class=\"wp-image-1674\" srcset=\"http:\/\/club-arada.fr\/wp-content\/uploads\/2024\/02\/P1080339-1024x690.jpg 1024w, http:\/\/club-arada.fr\/wp-content\/uploads\/2024\/02\/P1080339-300x202.jpg 300w, http:\/\/club-arada.fr\/wp-content\/uploads\/2024\/02\/P1080339-768x517.jpg 768w, http:\/\/club-arada.fr\/wp-content\/uploads\/2024\/02\/P1080339-1536x1035.jpg 1536w, http:\/\/club-arada.fr\/wp-content\/uploads\/2024\/02\/P1080339-2048x1380.jpg 2048w\" sizes=\"(max-width: 1024px) 100vw, 1024px\" \/><\/figure>\n\n\n\n<figure class=\"wp-block-image size-large\"><img loading=\"lazy\" width=\"1024\" height=\"670\" src=\"http:\/\/club-arada.fr\/wp-content\/uploads\/2024\/02\/P1080340-1024x670.jpg\" alt=\"\" class=\"wp-image-1673\" srcset=\"http:\/\/club-arada.fr\/wp-content\/uploads\/2024\/02\/P1080340-1024x670.jpg 1024w, http:\/\/club-arada.fr\/wp-content\/uploads\/2024\/02\/P1080340-300x196.jpg 300w, http:\/\/club-arada.fr\/wp-content\/uploads\/2024\/02\/P1080340-768x502.jpg 768w, http:\/\/club-arada.fr\/wp-content\/uploads\/2024\/02\/P1080340-1536x1004.jpg 1536w, http:\/\/club-arada.fr\/wp-content\/uploads\/2024\/02\/P1080340-2048x1339.jpg 2048w\" sizes=\"(max-width: 1024px) 100vw, 1024px\" \/><\/figure>\n\n\n\n<figure class=\"wp-block-image size-large\"><img loading=\"lazy\" width=\"1024\" height=\"663\" src=\"http:\/\/club-arada.fr\/wp-content\/uploads\/2024\/02\/P1080341-1024x663.jpg\" alt=\"\" class=\"wp-image-1672\" srcset=\"http:\/\/club-arada.fr\/wp-content\/uploads\/2024\/02\/P1080341-1024x663.jpg 1024w, http:\/\/club-arada.fr\/wp-content\/uploads\/2024\/02\/P1080341-300x194.jpg 300w, http:\/\/club-arada.fr\/wp-content\/uploads\/2024\/02\/P1080341-768x497.jpg 768w, http:\/\/club-arada.fr\/wp-content\/uploads\/2024\/02\/P1080341-1536x994.jpg 1536w, http:\/\/club-arada.fr\/wp-content\/uploads\/2024\/02\/P1080341-2048x1325.jpg 2048w\" sizes=\"(max-width: 1024px) 100vw, 1024px\" \/><\/figure>\n\n\n\n<figure class=\"wp-block-image size-large\"><img loading=\"lazy\" width=\"1024\" height=\"690\" src=\"http:\/\/club-arada.fr\/wp-content\/uploads\/2024\/02\/P1080342-1024x690.jpg\" alt=\"\" class=\"wp-image-1671\" srcset=\"http:\/\/club-arada.fr\/wp-content\/uploads\/2024\/02\/P1080342-1024x690.jpg 1024w, http:\/\/club-arada.fr\/wp-content\/uploads\/2024\/02\/P1080342-300x202.jpg 300w, http:\/\/club-arada.fr\/wp-content\/uploads\/2024\/02\/P1080342-768x517.jpg 768w, http:\/\/club-arada.fr\/wp-content\/uploads\/2024\/02\/P1080342-1536x1035.jpg 1536w, http:\/\/club-arada.fr\/wp-content\/uploads\/2024\/02\/P1080342-2048x1379.jpg 2048w\" sizes=\"(max-width: 1024px) 100vw, 1024px\" \/><\/figure>\n\n\n\n<figure class=\"wp-block-image size-large\"><img loading=\"lazy\" width=\"1024\" height=\"683\" src=\"http:\/\/club-arada.fr\/wp-content\/uploads\/2024\/02\/P1080343-1024x683.jpg\" alt=\"\" class=\"wp-image-1670\" srcset=\"http:\/\/club-arada.fr\/wp-content\/uploads\/2024\/02\/P1080343-1024x683.jpg 1024w, http:\/\/club-arada.fr\/wp-content\/uploads\/2024\/02\/P1080343-300x200.jpg 300w, http:\/\/club-arada.fr\/wp-content\/uploads\/2024\/02\/P1080343-768x512.jpg 768w, http:\/\/club-arada.fr\/wp-content\/uploads\/2024\/02\/P1080343-1536x1024.jpg 1536w, http:\/\/club-arada.fr\/wp-content\/uploads\/2024\/02\/P1080343-2048x1365.jpg 2048w\" sizes=\"(max-width: 1024px) 100vw, 1024px\" \/><\/figure>\n\n\n\n<figure class=\"wp-block-image size-large\"><img loading=\"lazy\" width=\"1024\" height=\"683\" src=\"http:\/\/club-arada.fr\/wp-content\/uploads\/2024\/02\/P1080345-1024x683.jpg\" alt=\"\" class=\"wp-image-1669\" srcset=\"http:\/\/club-arada.fr\/wp-content\/uploads\/2024\/02\/P1080345-1024x683.jpg 1024w, http:\/\/club-arada.fr\/wp-content\/uploads\/2024\/02\/P1080345-300x200.jpg 300w, http:\/\/club-arada.fr\/wp-content\/uploads\/2024\/02\/P1080345-768x512.jpg 768w, http:\/\/club-arada.fr\/wp-content\/uploads\/2024\/02\/P1080345-1536x1024.jpg 1536w, http:\/\/club-arada.fr\/wp-content\/uploads\/2024\/02\/P1080345-2048x1365.jpg 2048w\" sizes=\"(max-width: 1024px) 100vw, 1024px\" \/><\/figure>\n\n\n\n<figure class=\"wp-block-image size-large\"><img loading=\"lazy\" width=\"1024\" height=\"654\" src=\"http:\/\/club-arada.fr\/wp-content\/uploads\/2024\/02\/P1080347-1024x654.jpg\" alt=\"\" class=\"wp-image-1668\" srcset=\"http:\/\/club-arada.fr\/wp-content\/uploads\/2024\/02\/P1080347-1024x654.jpg 1024w, http:\/\/club-arada.fr\/wp-content\/uploads\/2024\/02\/P1080347-300x191.jpg 300w, http:\/\/club-arada.fr\/wp-content\/uploads\/2024\/02\/P1080347-768x490.jpg 768w, http:\/\/club-arada.fr\/wp-content\/uploads\/2024\/02\/P1080347-1536x980.jpg 1536w, http:\/\/club-arada.fr\/wp-content\/uploads\/2024\/02\/P1080347-2048x1307.jpg 2048w\" sizes=\"(max-width: 1024px) 100vw, 1024px\" \/><\/figure>\n\n\n\n<figure class=\"wp-block-image size-large\"><img loading=\"lazy\" width=\"1024\" height=\"702\" src=\"http:\/\/club-arada.fr\/wp-content\/uploads\/2024\/02\/P1080348-1024x702.jpg\" alt=\"\" class=\"wp-image-1667\" srcset=\"http:\/\/club-arada.fr\/wp-content\/uploads\/2024\/02\/P1080348-1024x702.jpg 1024w, http:\/\/club-arada.fr\/wp-content\/uploads\/2024\/02\/P1080348-300x206.jpg 300w, http:\/\/club-arada.fr\/wp-content\/uploads\/2024\/02\/P1080348-768x526.jpg 768w, http:\/\/club-arada.fr\/wp-content\/uploads\/2024\/02\/P1080348-1536x1052.jpg 1536w, http:\/\/club-arada.fr\/wp-content\/uploads\/2024\/02\/P1080348-2048x1403.jpg 2048w\" sizes=\"(max-width: 1024px) 100vw, 1024px\" \/><\/figure>\n\n\n\n<figure class=\"wp-block-image size-large\"><img loading=\"lazy\" width=\"1024\" height=\"683\" src=\"http:\/\/club-arada.fr\/wp-content\/uploads\/2024\/02\/P1080349-1024x683.jpg\" alt=\"\" class=\"wp-image-1666\" srcset=\"http:\/\/club-arada.fr\/wp-content\/uploads\/2024\/02\/P1080349-1024x683.jpg 1024w, http:\/\/club-arada.fr\/wp-content\/uploads\/2024\/02\/P1080349-300x200.jpg 300w, http:\/\/club-arada.fr\/wp-content\/uploads\/2024\/02\/P1080349-768x512.jpg 768w, http:\/\/club-arada.fr\/wp-content\/uploads\/2024\/02\/P1080349-1536x1024.jpg 1536w, http:\/\/club-arada.fr\/wp-content\/uploads\/2024\/02\/P1080349-2048x1365.jpg 2048w\" sizes=\"(max-width: 1024px) 100vw, 1024px\" \/><\/figure>\n\n\n\n<figure class=\"wp-block-image size-large\"><img loading=\"lazy\" width=\"1024\" height=\"683\" src=\"http:\/\/club-arada.fr\/wp-content\/uploads\/2024\/02\/P1080351-1024x683.jpg\" alt=\"\" class=\"wp-image-1665\" srcset=\"http:\/\/club-arada.fr\/wp-content\/uploads\/2024\/02\/P1080351-1024x683.jpg 1024w, http:\/\/club-arada.fr\/wp-content\/uploads\/2024\/02\/P1080351-300x200.jpg 300w, http:\/\/club-arada.fr\/wp-content\/uploads\/2024\/02\/P1080351-768x512.jpg 768w, http:\/\/club-arada.fr\/wp-content\/uploads\/2024\/02\/P1080351-1536x1024.jpg 1536w, http:\/\/club-arada.fr\/wp-content\/uploads\/2024\/02\/P1080351-2048x1365.jpg 2048w\" sizes=\"(max-width: 1024px) 100vw, 1024px\" \/><\/figure>\n\n\n\n<p><\/p>\n\n\n\n<p>Sans oublier l&rsquo;incontournable Bruno SABY :<\/p>\n\n\n\n<figure class=\"wp-block-image size-large\"><img loading=\"lazy\" width=\"1024\" height=\"683\" src=\"http:\/\/club-arada.fr\/wp-content\/uploads\/2024\/02\/P1080336-1024x683.jpg\" alt=\"\" class=\"wp-image-1675\" srcset=\"http:\/\/club-arada.fr\/wp-content\/uploads\/2024\/02\/P1080336-1024x683.jpg 1024w, http:\/\/club-arada.fr\/wp-content\/uploads\/2024\/02\/P1080336-300x200.jpg 300w, http:\/\/club-arada.fr\/wp-content\/uploads\/2024\/02\/P1080336-768x512.jpg 768w, http:\/\/club-arada.fr\/wp-content\/uploads\/2024\/02\/P1080336-1536x1024.jpg 1536w, http:\/\/club-arada.fr\/wp-content\/uploads\/2024\/02\/P1080336-2048x1365.jpg 2048w\" sizes=\"(max-width: 1024px) 100vw, 1024px\" \/><\/figure>\n\n\n\n<figure class=\"wp-block-image size-large\"><img loading=\"lazy\" width=\"1024\" height=\"683\" src=\"http:\/\/club-arada.fr\/wp-content\/uploads\/2024\/02\/P1030353-1024x683.jpg\" alt=\"\" class=\"wp-image-1664\" srcset=\"http:\/\/club-arada.fr\/wp-content\/uploads\/2024\/02\/P1030353-1024x683.jpg 1024w, http:\/\/club-arada.fr\/wp-content\/uploads\/2024\/02\/P1030353-300x200.jpg 300w, http:\/\/club-arada.fr\/wp-content\/uploads\/2024\/02\/P1030353-768x512.jpg 768w, http:\/\/club-arada.fr\/wp-content\/uploads\/2024\/02\/P1030353-1536x1024.jpg 1536w, http:\/\/club-arada.fr\/wp-content\/uploads\/2024\/02\/P1030353-2048x1365.jpg 2048w\" sizes=\"(max-width: 1024px) 100vw, 1024px\" \/><\/figure>\n\n\n\n<figure class=\"wp-block-image size-large\"><img loading=\"lazy\" width=\"1024\" height=\"683\" src=\"http:\/\/club-arada.fr\/wp-content\/uploads\/2024\/02\/P1030352-1024x683.jpg\" alt=\"\" class=\"wp-image-1663\" srcset=\"http:\/\/club-arada.fr\/wp-content\/uploads\/2024\/02\/P1030352-1024x683.jpg 1024w, http:\/\/club-arada.fr\/wp-content\/uploads\/2024\/02\/P1030352-300x200.jpg 300w, http:\/\/club-arada.fr\/wp-content\/uploads\/2024\/02\/P1030352-768x512.jpg 768w, http:\/\/club-arada.fr\/wp-content\/uploads\/2024\/02\/P1030352-1536x1024.jpg 1536w, http:\/\/club-arada.fr\/wp-content\/uploads\/2024\/02\/P1030352-2048x1365.jpg 2048w\" sizes=\"(max-width: 1024px) 100vw, 1024px\" \/><\/figure>\n\n\n\n<p><\/p>\n\n\n\n<p><\/p>\n\n\n\n<p><\/p>\n\n\n\n<p><\/p>\n\n\n\n<p>Notre 5\u00e8me rassemblement est lanc\u00e9 !!!<\/p>\n\n\n\n<figure class=\"wp-block-image size-large\"><img loading=\"lazy\" width=\"701\" height=\"1024\" src=\"http:\/\/club-arada.fr\/wp-content\/uploads\/2023\/06\/Fly_arada_2023_v2_page-0001-701x1024.jpg\" alt=\"\" class=\"wp-image-1631\" srcset=\"http:\/\/club-arada.fr\/wp-content\/uploads\/2023\/06\/Fly_arada_2023_v2_page-0001-701x1024.jpg 701w, http:\/\/club-arada.fr\/wp-content\/uploads\/2023\/06\/Fly_arada_2023_v2_page-0001-205x300.jpg 205w, http:\/\/club-arada.fr\/wp-content\/uploads\/2023\/06\/Fly_arada_2023_v2_page-0001-768x1121.jpg 768w, http:\/\/club-arada.fr\/wp-content\/uploads\/2023\/06\/Fly_arada_2023_v2_page-0001-1052x1536.jpg 1052w, http:\/\/club-arada.fr\/wp-content\/uploads\/2023\/06\/Fly_arada_2023_v2_page-0001-1403x2048.jpg 1403w, http:\/\/club-arada.fr\/wp-content\/uploads\/2023\/06\/Fly_arada_2023_v2_page-0001-scaled.jpg 1753w\" sizes=\"(max-width: 701px) 100vw, 701px\" \/><\/figure>\n\n\n\n<p><\/p>\n\n\n\n<p class=\"has-vivid-red-color has-text-color\">Suite aux demandes de certains, nous vous rappelons que <strong>TOUTES <\/strong>les Alpine et les Renault sont accept\u00e9es \u00e0 la manifestation ! Pas de crit\u00e8re d&rsquo;\u00e2ge !<\/p>\n\n\n\n<p>Participants : <strong><a href=\"http:\/\/club-arada.fr\/wp-content\/uploads\/2023\/07\/Fiche-Inscription-La-Roche-de-Glun-2023.pdf\">T\u00e9l\u00e9charger la fiche d&rsquo;inscription de la manifestation<\/a><\/strong><\/p>\n\n\n\n<p>Exposants \/ Commer\u00e7ants : <a href=\"http:\/\/club-arada.fr\/wp-content\/uploads\/2023\/06\/Fiche-Exposant.pdf\"><strong>T\u00e9l\u00e9charger la fiche d&rsquo;inscription<\/strong><\/a> <\/p>\n\n\n\n<p><\/p>\n\n\n\n<p><\/p>\n\n\n\n<p><\/p>\n\n\n\n<p><\/p>\n\n\n\n<p><\/p>\n\n\n\n<hr class=\"wp-block-separator has-alpha-channel-opacity\"\/>\n\n\n\n<p class=\"has-medium-font-size\"><strong>Premi\u00e8re sortie\/balade de l&rsquo;ann\u00e9e 2023<\/strong><\/p>\n\n\n\n<p>28 autos pr\u00e9sentes \u00e0 notre premi\u00e8re sortie de l&rsquo;ann\u00e9e qui nous a emmen\u00e9e jusqu&rsquo;au col de la R\u00e9publique \u00e0 travers la Dr\u00f4me, l&rsquo;Ard\u00e8che, la Loire et un court passage en Haute-Loire.<\/p>\n\n\n\n<figure class=\"wp-block-image size-large\"><img loading=\"lazy\" width=\"1024\" height=\"576\" src=\"http:\/\/club-arada.fr\/wp-content\/uploads\/2023\/04\/P1070343-1024x576.jpg\" alt=\"\" class=\"wp-image-1626\" srcset=\"http:\/\/club-arada.fr\/wp-content\/uploads\/2023\/04\/P1070343-1024x576.jpg 1024w, http:\/\/club-arada.fr\/wp-content\/uploads\/2023\/04\/P1070343-300x169.jpg 300w, http:\/\/club-arada.fr\/wp-content\/uploads\/2023\/04\/P1070343-768x432.jpg 768w, http:\/\/club-arada.fr\/wp-content\/uploads\/2023\/04\/P1070343-1536x865.jpg 1536w, http:\/\/club-arada.fr\/wp-content\/uploads\/2023\/04\/P1070343-2048x1153.jpg 2048w\" sizes=\"(max-width: 1024px) 100vw, 1024px\" \/><\/figure>\n\n\n\n<figure class=\"wp-block-image size-large\"><img loading=\"lazy\" width=\"1024\" height=\"576\" src=\"http:\/\/club-arada.fr\/wp-content\/uploads\/2023\/04\/P1070342-1024x576.jpg\" alt=\"\" class=\"wp-image-1625\" srcset=\"http:\/\/club-arada.fr\/wp-content\/uploads\/2023\/04\/P1070342-1024x576.jpg 1024w, http:\/\/club-arada.fr\/wp-content\/uploads\/2023\/04\/P1070342-300x169.jpg 300w, http:\/\/club-arada.fr\/wp-content\/uploads\/2023\/04\/P1070342-768x432.jpg 768w, http:\/\/club-arada.fr\/wp-content\/uploads\/2023\/04\/P1070342-1536x865.jpg 1536w, http:\/\/club-arada.fr\/wp-content\/uploads\/2023\/04\/P1070342-2048x1153.jpg 2048w\" sizes=\"(max-width: 1024px) 100vw, 1024px\" \/><\/figure>\n\n\n\n<hr class=\"wp-block-separator has-alpha-channel-opacity\"\/>\n\n\n\n<p class=\"has-medium-font-size\"><strong>Le club repr\u00e9sent\u00e9 au rallye Monte Carlo Historique<\/strong><\/p>\n\n\n\n<p>Nous \u00e9tions pr\u00e9sents sur le stand de Bruno Saby pour l&rsquo;aider \u00e0 r\u00e9colter quelques fonds pour l&rsquo;association Espoir Is\u00e8re contre le cancer qu&rsquo;il soutient.<\/p>\n\n\n\n<p>Un simulateur de conduite rallye \u00e9tait en service !<\/p>\n\n\n\n<figure class=\"wp-block-image size-large\"><img loading=\"lazy\" width=\"1024\" height=\"683\" src=\"http:\/\/club-arada.fr\/wp-content\/uploads\/2023\/02\/MCH2023-1024x683.jpg\" alt=\"\" class=\"wp-image-1618\" srcset=\"http:\/\/club-arada.fr\/wp-content\/uploads\/2023\/02\/MCH2023-1024x683.jpg 1024w, http:\/\/club-arada.fr\/wp-content\/uploads\/2023\/02\/MCH2023-300x200.jpg 300w, http:\/\/club-arada.fr\/wp-content\/uploads\/2023\/02\/MCH2023-768x512.jpg 768w, http:\/\/club-arada.fr\/wp-content\/uploads\/2023\/02\/MCH2023-1536x1024.jpg 1536w, http:\/\/club-arada.fr\/wp-content\/uploads\/2023\/02\/MCH2023-2048x1365.jpg 2048w\" sizes=\"(max-width: 1024px) 100vw, 1024px\" \/><\/figure>\n\n\n\n<figure class=\"wp-block-image size-large\"><img loading=\"lazy\" width=\"1024\" height=\"768\" src=\"http:\/\/club-arada.fr\/wp-content\/uploads\/2023\/02\/IMG_20230128_100718-1024x768.jpg\" alt=\"\" class=\"wp-image-1621\" srcset=\"http:\/\/club-arada.fr\/wp-content\/uploads\/2023\/02\/IMG_20230128_100718-1024x768.jpg 1024w, http:\/\/club-arada.fr\/wp-content\/uploads\/2023\/02\/IMG_20230128_100718-300x225.jpg 300w, http:\/\/club-arada.fr\/wp-content\/uploads\/2023\/02\/IMG_20230128_100718-768x576.jpg 768w, http:\/\/club-arada.fr\/wp-content\/uploads\/2023\/02\/IMG_20230128_100718-1536x1152.jpg 1536w, http:\/\/club-arada.fr\/wp-content\/uploads\/2023\/02\/IMG_20230128_100718-2048x1536.jpg 2048w\" sizes=\"(max-width: 1024px) 100vw, 1024px\" \/><\/figure>\n\n\n\n<hr class=\"wp-block-separator has-alpha-channel-opacity\"\/>\n\n\n\n<p><strong>EPOQU\u2019AUTO 2022<\/strong><\/p>\n\n\n\n<p><strong>Pour cette 43<sup>\u00e8me<\/sup> \u00e9dition, le Club ARADA avait expos\u00e9 2 v\u00e9hicules comme \u00e0 l\u2019habitude depuis maintenant une dizaine d\u2019ann\u00e9es<\/strong><\/p>\n\n\n\n<p><strong>Une Renault Clio V6 phase 1 de 2002 et une Renault M\u00e9gane RS Trophy de 2014 avaient pris bonne place sur l\u2019espace d\u00e9di\u00e9 \u00e0 l\u2019ARADA au sein du village Renault Classic.<\/strong><\/p>\n\n\n\n<p><strong>Ce choix de v\u00e9hicule \u00e9tait d\u00e9lib\u00e9r\u00e9 pour attirer une population plus jeune au sein du club et montrer ostensiblement que les Aradiens savaient accueillir les \u00ab&nbsp;Youngtimer&nbsp;\u00bb&nbsp;!<\/strong><\/p>\n\n\n\n<p><strong>Nombreux furent donc les passionn\u00e9s \u00e0 s\u2019int\u00e9resser \u00e0 ces deux mod\u00e8les que l\u2019on a pu trouver nulle part ailleurs sur le salon cette ann\u00e9e&nbsp;!<\/strong><\/p>\n\n\n\n<p><strong>Merci aux quelques Aradiens qui se sont d\u00e9vou\u00e9s pour la tenue du stand durant ces trois jours et qui savent faire partager leur passion pour les Renault et Alpine et font beaucoup d\u2019efforts pour d\u00e9velopper l\u2019image et le renom du club ARADA, club r\u00e9gional qui f\u00eatait son quart de si\u00e8cle cette ann\u00e9e&nbsp;! &nbsp;<\/strong><\/p>\n\n\n\n<p><strong>Merci \u00e0 tous les visiteurs qui sont venus en nombre admirer les autos expos\u00e9es et discuter avec les responsables du stand sur les activit\u00e9s et les projets du club de Dr\u00f4me Ard\u00e8che pour l\u2019ann\u00e9e 2023. On a parl\u00e9 notamment d\u2019un grand rassemblement \u00e0 La Roche de Glun le 17 septembre 2023, qui n\u2019a pas eu lieu depuis les 20 ans du club en 2017.<\/strong><\/p>\n\n\n\n<p><\/p>\n\n\n\n<figure class=\"wp-block-image size-large\"><img loading=\"lazy\" width=\"1024\" height=\"768\" src=\"http:\/\/club-arada.fr\/wp-content\/uploads\/2022\/12\/IMG_0079-1024x768.jpg\" alt=\"\" class=\"wp-image-1612\" srcset=\"http:\/\/club-arada.fr\/wp-content\/uploads\/2022\/12\/IMG_0079-1024x768.jpg 1024w, http:\/\/club-arada.fr\/wp-content\/uploads\/2022\/12\/IMG_0079-300x225.jpg 300w, http:\/\/club-arada.fr\/wp-content\/uploads\/2022\/12\/IMG_0079-768x576.jpg 768w, http:\/\/club-arada.fr\/wp-content\/uploads\/2022\/12\/IMG_0079-1536x1152.jpg 1536w, http:\/\/club-arada.fr\/wp-content\/uploads\/2022\/12\/IMG_0079-2048x1536.jpg 2048w\" sizes=\"(max-width: 1024px) 100vw, 1024px\" \/><\/figure>\n\n\n\n<figure class=\"wp-block-image size-large\"><img loading=\"lazy\" width=\"1024\" height=\"768\" src=\"http:\/\/club-arada.fr\/wp-content\/uploads\/2022\/12\/IMG_0075-1024x768.jpg\" alt=\"\" class=\"wp-image-1611\" srcset=\"http:\/\/club-arada.fr\/wp-content\/uploads\/2022\/12\/IMG_0075-1024x768.jpg 1024w, http:\/\/club-arada.fr\/wp-content\/uploads\/2022\/12\/IMG_0075-300x225.jpg 300w, http:\/\/club-arada.fr\/wp-content\/uploads\/2022\/12\/IMG_0075-768x576.jpg 768w, http:\/\/club-arada.fr\/wp-content\/uploads\/2022\/12\/IMG_0075-1536x1152.jpg 1536w, http:\/\/club-arada.fr\/wp-content\/uploads\/2022\/12\/IMG_0075-2048x1536.jpg 2048w\" sizes=\"(max-width: 1024px) 100vw, 1024px\" \/><\/figure>\n\n\n\n<figure class=\"wp-block-image size-large\"><img loading=\"lazy\" width=\"1024\" height=\"768\" src=\"http:\/\/club-arada.fr\/wp-content\/uploads\/2022\/12\/IMG_0081-1024x768.jpg\" alt=\"\" class=\"wp-image-1613\" srcset=\"http:\/\/club-arada.fr\/wp-content\/uploads\/2022\/12\/IMG_0081-1024x768.jpg 1024w, http:\/\/club-arada.fr\/wp-content\/uploads\/2022\/12\/IMG_0081-300x225.jpg 300w, http:\/\/club-arada.fr\/wp-content\/uploads\/2022\/12\/IMG_0081-768x576.jpg 768w, http:\/\/club-arada.fr\/wp-content\/uploads\/2022\/12\/IMG_0081-1536x1152.jpg 1536w, http:\/\/club-arada.fr\/wp-content\/uploads\/2022\/12\/IMG_0081-2048x1536.jpg 2048w\" sizes=\"(max-width: 1024px) 100vw, 1024px\" \/><\/figure>\n\n\n\n<hr class=\"wp-block-separator has-alpha-channel-opacity\"\/>\n\n\n\n<p><strong>Pr\u00e9sence d\u2019ARADA au 1<sup>er<\/sup> rassemblement d\u2019anciennes<\/strong><\/p>\n\n\n\n<p><strong>&nbsp;organis\u00e9 par le club \u00ab&nbsp;LES VIEILLERIES&nbsp;\u00bb \u00e0 ST JUST D\u2019ARDECHE.<\/strong><\/p>\n\n\n\n<p>Ce dimanche 20 novembre 2022, un nouveau club, cr\u00e9\u00e9 par une \u00e9quipe de jeunes, a organis\u00e9 son 1<sup>er<\/sup> rassemblement.<\/p>\n\n\n\n<p>Le Club ARADA \u00e9tait repr\u00e9sent\u00e9, et a pu faire la promotion de notre rassemblement 2023.<\/p>\n\n\n\n<p>70 v\u00e9hicules \u00e9taient pr\u00e9sents, de la 4CV \u00e0 la MUSTANG, en passant par les ARONDE, CHAMBORD, TRACTION,&nbsp; AC COBRA et bien entendu ALPINE et RENAULT.<\/p>\n\n\n\n<p>Bonne ambiance sous un beau soleil malgr\u00e9 la temp\u00e9rature fraiche.<\/p>\n\n\n\n<p>Merci \u00e0 ces jeunes pour leur dynamisme et leur implication.<\/p>\n\n\n\n<p>Quelques photos ci-dessous<\/p>\n\n\n\n<figure class=\"wp-block-image size-large\"><img loading=\"lazy\" width=\"1024\" height=\"771\" src=\"http:\/\/club-arada.fr\/wp-content\/uploads\/2022\/12\/IMG_20221120_104544-1024x771.jpg\" alt=\"\" class=\"wp-image-1594\" srcset=\"http:\/\/club-arada.fr\/wp-content\/uploads\/2022\/12\/IMG_20221120_104544-1024x771.jpg 1024w, http:\/\/club-arada.fr\/wp-content\/uploads\/2022\/12\/IMG_20221120_104544-300x226.jpg 300w, http:\/\/club-arada.fr\/wp-content\/uploads\/2022\/12\/IMG_20221120_104544-768x578.jpg 768w, http:\/\/club-arada.fr\/wp-content\/uploads\/2022\/12\/IMG_20221120_104544.jpg 1280w\" sizes=\"(max-width: 1024px) 100vw, 1024px\" \/><figcaption>AC Cobra replica<\/figcaption><\/figure>\n\n\n\n<figure class=\"wp-block-image size-large\"><img loading=\"lazy\" width=\"1024\" height=\"771\" src=\"http:\/\/club-arada.fr\/wp-content\/uploads\/2022\/12\/IMG_20221120_104506-1024x771.jpg\" alt=\"\" class=\"wp-image-1593\" srcset=\"http:\/\/club-arada.fr\/wp-content\/uploads\/2022\/12\/IMG_20221120_104506-1024x771.jpg 1024w, http:\/\/club-arada.fr\/wp-content\/uploads\/2022\/12\/IMG_20221120_104506-300x226.jpg 300w, http:\/\/club-arada.fr\/wp-content\/uploads\/2022\/12\/IMG_20221120_104506-768x578.jpg 768w, http:\/\/club-arada.fr\/wp-content\/uploads\/2022\/12\/IMG_20221120_104506.jpg 1280w\" sizes=\"(max-width: 1024px) 100vw, 1024px\" \/><figcaption>Simca Rallye 2<\/figcaption><\/figure>\n\n\n\n<figure class=\"wp-block-image size-large\"><img loading=\"lazy\" width=\"771\" height=\"1024\" src=\"http:\/\/club-arada.fr\/wp-content\/uploads\/2022\/12\/IMG_20221120_104404-771x1024.jpg\" alt=\"\" class=\"wp-image-1591\" srcset=\"http:\/\/club-arada.fr\/wp-content\/uploads\/2022\/12\/IMG_20221120_104404-771x1024.jpg 771w, http:\/\/club-arada.fr\/wp-content\/uploads\/2022\/12\/IMG_20221120_104404-226x300.jpg 226w, http:\/\/club-arada.fr\/wp-content\/uploads\/2022\/12\/IMG_20221120_104404-768x1020.jpg 768w, http:\/\/club-arada.fr\/wp-content\/uploads\/2022\/12\/IMG_20221120_104404.jpg 964w\" sizes=\"(max-width: 771px) 100vw, 771px\" \/><figcaption>Alpine A310 GTA<\/figcaption><\/figure>\n\n\n\n<figure class=\"wp-block-image size-large\"><img loading=\"lazy\" width=\"771\" height=\"1024\" src=\"http:\/\/club-arada.fr\/wp-content\/uploads\/2022\/12\/IMG_20221120_104414-771x1024.jpg\" alt=\"\" class=\"wp-image-1592\" srcset=\"http:\/\/club-arada.fr\/wp-content\/uploads\/2022\/12\/IMG_20221120_104414-771x1024.jpg 771w, http:\/\/club-arada.fr\/wp-content\/uploads\/2022\/12\/IMG_20221120_104414-226x300.jpg 226w, http:\/\/club-arada.fr\/wp-content\/uploads\/2022\/12\/IMG_20221120_104414-768x1020.jpg 768w, http:\/\/club-arada.fr\/wp-content\/uploads\/2022\/12\/IMG_20221120_104414.jpg 964w\" sizes=\"(max-width: 771px) 100vw, 771px\" \/><figcaption>R8 Gordini<\/figcaption><\/figure>\n\n\n\n<hr class=\"wp-block-separator has-alpha-channel-opacity\"\/>\n\n\n\n<p><\/p>\n\n\n\n<p class=\"has-large-font-size\"><strong>Notre 5<sup>\u00e8me<\/sup> rassemblement est relanc\u00e9 !<\/strong><\/p>\n\n\n\n<p>Notre rassemblement est remis sur les rails, ce sera le dimanche 17 septembre 2023 \u00e0 La Roche de Glun, comme pour les \u00e9ditions pr\u00e9c\u00e9dentes.<\/p>\n\n\n\n<figure class=\"wp-block-image size-full\"><img loading=\"lazy\" width=\"721\" height=\"1024\" src=\"http:\/\/club-arada.fr\/wp-content\/uploads\/2022\/12\/image.png\" alt=\"\" class=\"wp-image-1598\" srcset=\"http:\/\/club-arada.fr\/wp-content\/uploads\/2022\/12\/image.png 721w, http:\/\/club-arada.fr\/wp-content\/uploads\/2022\/12\/image-211x300.png 211w\" sizes=\"(max-width: 721px) 100vw, 721px\" \/><\/figure>\n\n\n\n<p><\/p>\n\n\n\n<p><\/p>\n\n\n\n<hr class=\"wp-block-separator has-css-opacity\"\/>\n\n\n\n<p><em><u>Assembl\u00e9e G\u00e9n\u00e9rale du Club 21 janvier 2022<\/u><\/em><\/p>\n\n\n\n<figure class=\"wp-block-image size-large\"><img loading=\"lazy\" width=\"1024\" height=\"576\" src=\"http:\/\/club-arada.fr\/wp-content\/uploads\/2022\/01\/AG2022-1-1024x576.jpg\" alt=\"\" class=\"wp-image-1553\" srcset=\"http:\/\/club-arada.fr\/wp-content\/uploads\/2022\/01\/AG2022-1-1024x576.jpg 1024w, http:\/\/club-arada.fr\/wp-content\/uploads\/2022\/01\/AG2022-1-300x169.jpg 300w, http:\/\/club-arada.fr\/wp-content\/uploads\/2022\/01\/AG2022-1-768x432.jpg 768w, http:\/\/club-arada.fr\/wp-content\/uploads\/2022\/01\/AG2022-1.jpg 1280w\" sizes=\"(max-width: 1024px) 100vw, 1024px\" \/><\/figure>\n\n\n\n<p>L\u2019accueil des participants \u00e0 partir de 19 h 45 a permis le renouvellement des inscriptions pour la saison 2022, ainsi que l\u2019int\u00e9gration d\u2019un nouvel adh\u00e9rent.<\/p>\n\n\n\n<p>Vingt-sept ARADIENS sont pr\u00e9sents et 3 pouvoirs sont enregistr\u00e9s.<\/p>\n\n\n\n<p>Le quorum \u00e9tant atteint, l\u2019AG ordinaire peut se d\u00e9rouler.<\/p>\n\n\n\n<p><strong><u>20 h 15 d\u00e9but de l\u2019AG ordinaire 2022.<\/u><\/strong><\/p>\n\n\n\n<p>&#8211; Le Pr\u00e9sident Thierry CHAZOT, apr\u00e8s les mots de bienvenue, nous fait le rapport moral de la saison 2021 du club et note une pr\u00e9sence un peu faible aux r\u00e9unions mensuelles du club, ainsi que lors des sorties organis\u00e9es.<\/p>\n\n\n\n<p>&#8211; Georges Ravel, nous pr\u00e9sente les comptes de la saison 2021.<\/p>\n\n\n\n<p>La sant\u00e9 financi\u00e8re du club est bonne, et il est \u00e0 noter que pour les ARADIENS qui participent aux sorties, la participation du club est \u00e0 peu pr\u00e8s \u00e9gale au montant total des cotisations demand\u00e9es.<\/p>\n\n\n\n<p>Les rapports moral et financier&nbsp;sont adopt\u00e9s \u00e0 l\u2019unanimit\u00e9.<\/p>\n\n\n\n<p><strong><u>Voitures Accept\u00e9es au sein du Club.<\/u><\/strong><\/p>\n\n\n\n<p>Depuis quelques temps, une question revient souvent sur les voitures accept\u00e9es au sein du club, notamment les voitures r\u00e9centes, nouvelle Alpine, Renault M\u00e9gane RS etc. . . . .<\/p>\n\n\n\n<p>Au regard des statuts du club lors de sa cr\u00e9ation, ou l\u2019article 2 dit&nbsp;: \u00ab Cette association a pour but de regrouper les <strong>propri\u00e9taires<\/strong> <strong>ou<\/strong> <strong>amateurs<\/strong> de v\u00e9hicules <strong>Alpine<\/strong> et <strong>Renault<\/strong>, <strong>ou<\/strong> <strong>d\u00e9riv\u00e9s<\/strong> \u00e0 <strong>caract\u00e8res ancien, rare ou sportif.&nbsp;\u00bb, <\/strong>la d\u00e9cision d\u2019accepter ces nouvelles autos est soumise au vote des membres pr\u00e9sents.<\/p>\n\n\n\n<p>L\u2019Assembl\u00e9e G\u00e9n\u00e9rale adopte cette d\u00e9cision, d\u2019accepter ces nouvelles autos, \u00e0 l&rsquo;unanimit\u00e9.<\/p>\n\n\n\n<p>Le r\u00e8glement int\u00e9rieur sera donc modifi\u00e9 en ce sens pour 2022.<\/p>\n\n\n\n<p><strong><u>Rassemblement de la Roche de Glun 2022.<\/u><\/strong><\/p>\n\n\n\n<p>L\u2019organisation d\u2019un rassemblement \u00e0 la Roche de Glun le 18 septembre 2022 est planifi\u00e9e. Un d\u00e9bat s\u2019en suit sur la pr\u00e9sence d\u2019un maximum d\u2019ARADIENS pour l\u2019organisation. La d\u00e9cision est soumise au vote des membres du club pour validation et pour confirmer la pr\u00e9sence d\u2019un maximum&nbsp; d\u2019ARADIENS pour l\u2019organisation.<\/p>\n\n\n\n<p>La d\u00e9cision d\u2019organiser cette manifestation est adopt\u00e9e \u00e0 l&rsquo;unanimit\u00e9 des membres pr\u00e9sents.<\/p>\n\n\n\n<p>Un comit\u00e9 d\u2019organisation sera mis en place lors de la prochaine r\u00e9union mensuelle de f\u00e9vrier<\/p>\n\n\n\n<p><strong><u>Autres infos.<\/u><\/strong><\/p>\n\n\n\n<p>Sont \u00e9voqu\u00e9s&nbsp;: &nbsp;<\/p>\n\n\n\n<p>&#8211;&nbsp;&nbsp;&nbsp;&nbsp;&nbsp;&nbsp; La participation, cette semaine dans le Vercors, de diverses Gordini du club \u00e0 une vid\u00e9o, pour l\u2019\u00e9mission AUTO MOTO de TF1,<\/p>\n\n\n\n<p>&#8211;&nbsp;&nbsp;&nbsp;&nbsp;&nbsp;&nbsp; Le rassemblement Alpine \u00e0 Dieppe, pour les 100 ans de Jean R\u00e9d\u00e9l\u00e9, le 28 mai \u00e0 Dieppe<\/p>\n\n\n\n<p><strong>Fin de l\u2019AG \u00e0 22 h 15<\/strong><\/p>\n\n\n\n<p>&#8211; A l\u2019issue de l\u2019AG, &nbsp;<strong>28<\/strong> membres ont r\u00e9gularis\u00e9 leurs adh\u00e9sions au club pour 2022, dont <strong>3<\/strong> sont en attente de r\u00e8glement pour diverses raisons.<\/p>\n\n\n\n<p>&#8211; Les autres adh\u00e9rents de 2021 seront contact\u00e9s afin de connaitre leur position pour 2022<\/p>\n\n\n\n<p><\/p>\n\n\n\n<figure class=\"wp-block-image size-large\"><img loading=\"lazy\" width=\"1024\" height=\"576\" src=\"http:\/\/club-arada.fr\/wp-content\/uploads\/2022\/01\/AG2022-2-1024x576.jpg\" alt=\"\" class=\"wp-image-1554\" srcset=\"http:\/\/club-arada.fr\/wp-content\/uploads\/2022\/01\/AG2022-2-1024x576.jpg 1024w, http:\/\/club-arada.fr\/wp-content\/uploads\/2022\/01\/AG2022-2-300x169.jpg 300w, http:\/\/club-arada.fr\/wp-content\/uploads\/2022\/01\/AG2022-2-768x432.jpg 768w, http:\/\/club-arada.fr\/wp-content\/uploads\/2022\/01\/AG2022-2.jpg 1280w\" sizes=\"(max-width: 1024px) 100vw, 1024px\" \/><\/figure>\n\n\n\n<p><\/p>\n\n\n\n<p><\/p>\n\n\n\n<p><\/p>\n\n\n\n<hr class=\"wp-block-separator has-css-opacity\"\/>\n\n\n\n<p class=\"has-large-font-size\"><strong>EPOQU\u2019AUTO 2021<\/strong><\/p>\n\n\n\n<p>Pour cette 42<sup>\u00e8me<\/sup> \u00e9dition, les membres d\u2019ARADA avaient expos\u00e9 2 v\u00e9hicules de ses membres.<\/p>\n\n\n\n<p>Une <strong><u>Dauphine (R1090 )<\/u><\/strong> de 1958 et une <strong><u>R8S Export (R1136)<\/u><\/strong> de 1970.<\/p>\n\n\n\n<p>Les curieux \u00e9taient nombreux, avec beaucoup de questions sur les 2 autos et leur r\u00e9novation.<\/p>\n\n\n\n<p>C\u00f4t\u00e9 caract\u00e9ristiques techniques, on peut noter que la <strong><u>Dauphine (R1090)<\/u><\/strong>, avec son moteur &nbsp;Ventoux et sa boite \u00e0 3 vitesses, dont la 1<sup>\u00e8re<\/sup> n\u2019est pas synchronis\u00e9e, d\u00e9veloppe une puissance de&nbsp; 31 CV pour un poids de 635kg. &nbsp;Elle est encore aliment\u00e9e en 6 volts.<\/p>\n\n\n\n<p>Elle a \u00e9t\u00e9 produite \u00e0 41&nbsp;812 exemplaires, parmi les&nbsp; 2&nbsp;000&nbsp;000 d\u2019exemplaires d\u00e9clin\u00e9s sur ce mod\u00e8le (1093, Ondine, Ferry, Gordini), sans parler des proto.<\/p>\n\n\n\n<p>La <strong><u>R8S Export (R1136)<\/u><\/strong> jaune 386 quant \u00e0 elle, est \u00e9quip\u00e9e du moteur Cl\u00e9on de 1108cm3 (688.96, 2<sup>\u00e8me<\/sup> montage, apr\u00e8s le 688.09), associ\u00e9 \u00e0 une boite 4 vitesses et un carbu WEBER de 32. Elle d\u00e9veloppe une puissance de 53ch, pour un poids de 770kg. Elle a \u00e9t\u00e9 produite \u00e0 61&nbsp;000 exemplaires de 1968 \u00e0 1971. L\u2019objectif \u00e9tait de la situer entre la R8 Major et la R8 GORDINI. Le mod\u00e8le pr\u00e9sent\u00e9 a \u00e9t\u00e9 restaur\u00e9 en 2020. Elle est strictement d\u2019origine, hormis le silencieux DEVIL d\u2019\u00e9poque.<\/p>\n\n\n\n<p>Merci \u00e0 tous les membres d\u2019ARADA et visiteurs qui font qu\u2019un tel salon perdure.<\/p>\n\n\n\n<p><\/p>\n\n\n\n<figure class=\"wp-block-image size-large\"><img loading=\"lazy\" width=\"682\" height=\"1024\" src=\"http:\/\/club-arada.fr\/wp-content\/uploads\/2022\/01\/a-epoqu-auto-2021-affiche-682x1024.jpg\" alt=\"\" class=\"wp-image-1543\" srcset=\"http:\/\/club-arada.fr\/wp-content\/uploads\/2022\/01\/a-epoqu-auto-2021-affiche-682x1024.jpg 682w, http:\/\/club-arada.fr\/wp-content\/uploads\/2022\/01\/a-epoqu-auto-2021-affiche-200x300.jpg 200w, http:\/\/club-arada.fr\/wp-content\/uploads\/2022\/01\/a-epoqu-auto-2021-affiche-768x1152.jpg 768w, http:\/\/club-arada.fr\/wp-content\/uploads\/2022\/01\/a-epoqu-auto-2021-affiche.jpg 853w\" sizes=\"(max-width: 682px) 100vw, 682px\" \/><\/figure>\n\n\n\n<figure class=\"wp-block-image size-full\"><img loading=\"lazy\" width=\"940\" height=\"626\" src=\"http:\/\/club-arada.fr\/wp-content\/uploads\/2022\/01\/EpoquAuto-2021-19.jpg\" alt=\"\" class=\"wp-image-1540\" srcset=\"http:\/\/club-arada.fr\/wp-content\/uploads\/2022\/01\/EpoquAuto-2021-19.jpg 940w, http:\/\/club-arada.fr\/wp-content\/uploads\/2022\/01\/EpoquAuto-2021-19-300x200.jpg 300w, http:\/\/club-arada.fr\/wp-content\/uploads\/2022\/01\/EpoquAuto-2021-19-768x511.jpg 768w\" sizes=\"(max-width: 940px) 100vw, 940px\" \/><\/figure>\n\n\n\n<figure class=\"wp-block-image size-full\"><img loading=\"lazy\" width=\"940\" height=\"705\" src=\"http:\/\/club-arada.fr\/wp-content\/uploads\/2022\/01\/EpoquAuto-2021-18.jpg\" alt=\"\" class=\"wp-image-1539\" srcset=\"http:\/\/club-arada.fr\/wp-content\/uploads\/2022\/01\/EpoquAuto-2021-18.jpg 940w, http:\/\/club-arada.fr\/wp-content\/uploads\/2022\/01\/EpoquAuto-2021-18-300x225.jpg 300w, http:\/\/club-arada.fr\/wp-content\/uploads\/2022\/01\/EpoquAuto-2021-18-768x576.jpg 768w\" sizes=\"(max-width: 940px) 100vw, 940px\" \/><\/figure>\n\n\n\n<figure class=\"wp-block-image size-large\"><img loading=\"lazy\" width=\"1024\" height=\"768\" src=\"http:\/\/club-arada.fr\/wp-content\/uploads\/2022\/01\/EpoquAuto-2021-35-1024x768.jpg\" alt=\"\" class=\"wp-image-1541\" srcset=\"http:\/\/club-arada.fr\/wp-content\/uploads\/2022\/01\/EpoquAuto-2021-35-1024x768.jpg 1024w, http:\/\/club-arada.fr\/wp-content\/uploads\/2022\/01\/EpoquAuto-2021-35-300x225.jpg 300w, http:\/\/club-arada.fr\/wp-content\/uploads\/2022\/01\/EpoquAuto-2021-35-768x576.jpg 768w, http:\/\/club-arada.fr\/wp-content\/uploads\/2022\/01\/EpoquAuto-2021-35-1536x1152.jpg 1536w, http:\/\/club-arada.fr\/wp-content\/uploads\/2022\/01\/EpoquAuto-2021-35-2048x1536.jpg 2048w\" sizes=\"(max-width: 1024px) 100vw, 1024px\" \/><\/figure>\n\n\n\n<figure class=\"wp-block-image size-large\"><img loading=\"lazy\" width=\"1024\" height=\"682\" src=\"http:\/\/club-arada.fr\/wp-content\/uploads\/2022\/01\/DSC_0722-1024x682.jpg\" alt=\"\" class=\"wp-image-1545\" srcset=\"http:\/\/club-arada.fr\/wp-content\/uploads\/2022\/01\/DSC_0722-1024x682.jpg 1024w, http:\/\/club-arada.fr\/wp-content\/uploads\/2022\/01\/DSC_0722-300x200.jpg 300w, http:\/\/club-arada.fr\/wp-content\/uploads\/2022\/01\/DSC_0722-768x512.jpg 768w, http:\/\/club-arada.fr\/wp-content\/uploads\/2022\/01\/DSC_0722.jpg 1280w\" sizes=\"(max-width: 1024px) 100vw, 1024px\" \/><\/figure>\n\n\n\n<figure class=\"wp-block-image size-large\"><img loading=\"lazy\" width=\"1024\" height=\"682\" src=\"http:\/\/club-arada.fr\/wp-content\/uploads\/2022\/01\/DSC_0713-1024x682.jpg\" alt=\"\" class=\"wp-image-1544\" srcset=\"http:\/\/club-arada.fr\/wp-content\/uploads\/2022\/01\/DSC_0713-1024x682.jpg 1024w, http:\/\/club-arada.fr\/wp-content\/uploads\/2022\/01\/DSC_0713-300x200.jpg 300w, http:\/\/club-arada.fr\/wp-content\/uploads\/2022\/01\/DSC_0713-768x512.jpg 768w, http:\/\/club-arada.fr\/wp-content\/uploads\/2022\/01\/DSC_0713.jpg 1280w\" sizes=\"(max-width: 1024px) 100vw, 1024px\" \/><\/figure>\n\n\n\n<p>Rendez-vous en novembre 2022 avec de nouvelles autos magnifiques &#8230;<\/p>\n\n\n\n<p><\/p>\n\n\n\n<hr class=\"wp-block-separator has-css-opacity\"\/>\n\n\n\n<hr class=\"wp-block-separator has-css-opacity\"\/>\n\n\n\n<p>Sortie Club du 23 juin 2019<\/p>\n\n\n<div class=\"wp-block-image\">\n<figure class=\"aligncenter size-full\"><img loading=\"lazy\" width=\"605\" height=\"269\" src=\"http:\/\/club-arada.fr\/wp-content\/uploads\/2021\/12\/image-1.png\" alt=\"\" class=\"wp-image-23\" srcset=\"http:\/\/club-arada.fr\/wp-content\/uploads\/2021\/12\/image-1.png 605w, http:\/\/club-arada.fr\/wp-content\/uploads\/2021\/12\/image-1-300x133.png 300w\" sizes=\"(max-width: 605px) 100vw, 605px\" \/><\/figure><\/div>\n\n\n<p><a href=\"https:\/\/web.archive.org\/web\/20210414101530\/http:\/club-arada.fr\/img_20190701_112857a\/\"><\/a><\/p>\n\n\n\n<p>Retrouvez l\u2019article :&nbsp;<a href=\"https:\/\/web.archive.org\/web\/20210414101530\/http:\/club-arada.fr\/2019\/07\/04\/sortie-pique-nique-23-06-2019\/\">http:\/\/club-arada.fr\/2019\/07\/04\/sortie-pique-nique-23-06-2019\/<\/a><\/p>\n\n\n\n<hr class=\"wp-block-separator has-css-opacity\"\/>\n\n\n\n<p>Une bonne d\u00e9l\u00e9gation du club \u00e0 la soir\u00e9e Alpine lors du passage \u00e0 Valence du rallye de Monte Carlo Historique. A droite sur la photo une tr\u00e8s belle Alpine Cup pr\u00eat\u00e9e pour l\u2019occasion.<\/p>\n\n\n<div class=\"wp-block-image\">\n<figure class=\"aligncenter size-full\"><img loading=\"lazy\" width=\"605\" height=\"403\" src=\"http:\/\/club-arada.fr\/wp-content\/uploads\/2021\/12\/image-2.png\" alt=\"\" class=\"wp-image-24\" srcset=\"http:\/\/club-arada.fr\/wp-content\/uploads\/2021\/12\/image-2.png 605w, http:\/\/club-arada.fr\/wp-content\/uploads\/2021\/12\/image-2-300x200.png 300w\" sizes=\"(max-width: 605px) 100vw, 605px\" \/><\/figure><\/div>\n\n\n<p><a href=\"https:\/\/web.archive.org\/web\/20210414101530\/http:\/club-arada.fr\/soireealpine2019\/\"><\/a><\/p>\n\n\n\n<hr class=\"wp-block-separator has-css-opacity\"\/>\n\n\n\n<p>L\u2019ARADA aide le T\u00e9l\u00e9thon. Samedi 8 d\u00e9cembre 5 aradiens \u00e9taient pr\u00e9sent \u00e0 Soyons pour faire des bapt\u00eames dans le cadre du T\u00e9l\u00e9thon. Un petit parcours champ\u00eatre de 8 kms a permis aux curieux, passionn\u00e9s et amoureux de l\u2019auto de d\u00e9couvrir un peu plus des autos qu\u2019on ne voit pas tous les jours. Merci \u00e0 eux pour leur pr\u00e9sence b\u00e9n\u00e9vole et respectueuse de la cause soutenue qui le m\u00e9rite amplement.<\/p>\n\n\n<div class=\"wp-block-image\">\n<figure class=\"aligncenter size-full\"><img loading=\"lazy\" width=\"605\" height=\"403\" src=\"http:\/\/club-arada.fr\/wp-content\/uploads\/2021\/12\/image-3.png\" alt=\"\" class=\"wp-image-25\" srcset=\"http:\/\/club-arada.fr\/wp-content\/uploads\/2021\/12\/image-3.png 605w, http:\/\/club-arada.fr\/wp-content\/uploads\/2021\/12\/image-3-300x200.png 300w\" sizes=\"(max-width: 605px) 100vw, 605px\" \/><\/figure><\/div>\n\n\n<p><a href=\"https:\/\/web.archive.org\/web\/20210414101530\/http:\/club-arada.fr\/telethon1\/\"><\/a><a href=\"https:\/\/web.archive.org\/web\/20210414101530\/http:\/club-arada.fr\/telethon2\/\"><\/a><\/p>\n\n\n<div class=\"wp-block-image\">\n<figure class=\"aligncenter size-full\"><img loading=\"lazy\" width=\"605\" height=\"403\" src=\"http:\/\/club-arada.fr\/wp-content\/uploads\/2021\/12\/image-4.png\" alt=\"\" class=\"wp-image-26\" srcset=\"http:\/\/club-arada.fr\/wp-content\/uploads\/2021\/12\/image-4.png 605w, http:\/\/club-arada.fr\/wp-content\/uploads\/2021\/12\/image-4-300x200.png 300w\" sizes=\"(max-width: 605px) 100vw, 605px\" \/><\/figure><\/div>\n\n\n<hr class=\"wp-block-separator has-css-opacity\"\/>\n\n\n\n<p><strong>Epoqu\u2019auto 2018 : merci \u00e0 vous tous, nombreux qui \u00eates venus nous voir sur notre stand :&nbsp;<\/strong><\/p>\n\n\n<div class=\"wp-block-image\">\n<figure class=\"aligncenter size-full\"><img loading=\"lazy\" width=\"605\" height=\"403\" src=\"http:\/\/club-arada.fr\/wp-content\/uploads\/2021\/12\/image-5.png\" alt=\"\" class=\"wp-image-27\" srcset=\"http:\/\/club-arada.fr\/wp-content\/uploads\/2021\/12\/image-5.png 605w, http:\/\/club-arada.fr\/wp-content\/uploads\/2021\/12\/image-5-300x200.png 300w\" sizes=\"(max-width: 605px) 100vw, 605px\" \/><\/figure><\/div>\n\n\n<p><a href=\"https:\/\/web.archive.org\/web\/20210414101530\/http:\/club-arada.fr\/epoq18-2\/\"><\/a><\/p>\n\n\n\n<p><strong>lire l\u2019article :&nbsp;<\/strong><\/p>\n\n\n\n<p><a href=\"https:\/\/web.archive.org\/web\/20210414101530\/http:\/club-arada.fr\/2018\/11\/16\/epoquauto-2018\/\">http:\/\/club-arada.fr\/2018\/11\/16\/epoquauto-2018\/<\/a>&nbsp;\u200e<\/p>\n\n\n\n<hr class=\"wp-block-separator has-css-opacity\"\/>\n\n\n\n<p>Montlh\u00e9ry : 28-29-30 septembre 2018<\/p>\n\n\n\n<p>Alpine f\u00eate les 45 ans de son titre de champion du monde des rallyes en r\u00e9unissant un panel in\u00e9gal\u00e9 de pilotes et copilotes ainsi que quelques autos remarquables :<\/p>\n\n\n<div class=\"wp-block-image\">\n<figure class=\"aligncenter size-full\"><img loading=\"lazy\" width=\"605\" height=\"403\" src=\"http:\/\/club-arada.fr\/wp-content\/uploads\/2021\/12\/image-6.png\" alt=\"\" class=\"wp-image-28\" srcset=\"http:\/\/club-arada.fr\/wp-content\/uploads\/2021\/12\/image-6.png 605w, http:\/\/club-arada.fr\/wp-content\/uploads\/2021\/12\/image-6-300x200.png 300w\" sizes=\"(max-width: 605px) 100vw, 605px\" \/><\/figure><\/div>\n\n\n<p><a href=\"https:\/\/web.archive.org\/web\/20210414101530\/http:\/club-arada.fr\/montlery11\/\"><\/a><\/p>\n\n\n<div class=\"wp-block-image\">\n<figure class=\"aligncenter size-full\"><img loading=\"lazy\" width=\"605\" height=\"403\" src=\"http:\/\/club-arada.fr\/wp-content\/uploads\/2021\/12\/image-7.png\" alt=\"\" class=\"wp-image-29\" srcset=\"http:\/\/club-arada.fr\/wp-content\/uploads\/2021\/12\/image-7.png 605w, http:\/\/club-arada.fr\/wp-content\/uploads\/2021\/12\/image-7-300x200.png 300w\" sizes=\"(max-width: 605px) 100vw, 605px\" \/><\/figure><\/div>\n\n\n<p><a href=\"https:\/\/web.archive.org\/web\/20210414101530\/http:\/club-arada.fr\/montlery21\/\"><\/a><\/p>\n\n\n<div class=\"wp-block-image\">\n<figure class=\"aligncenter size-full\"><img loading=\"lazy\" width=\"605\" height=\"454\" src=\"http:\/\/club-arada.fr\/wp-content\/uploads\/2021\/12\/image-8.png\" alt=\"\" class=\"wp-image-30\" srcset=\"http:\/\/club-arada.fr\/wp-content\/uploads\/2021\/12\/image-8.png 605w, http:\/\/club-arada.fr\/wp-content\/uploads\/2021\/12\/image-8-300x225.png 300w\" sizes=\"(max-width: 605px) 100vw, 605px\" \/><\/figure><\/div>\n\n\n<p><a href=\"https:\/\/web.archive.org\/web\/20210414101530\/http:\/club-arada.fr\/montlery31\/\"><\/a><\/p>\n\n\n\n<hr class=\"wp-block-separator has-css-opacity\"\/>\n\n\n\n<p>Sortie bambous \u2013 bonbons 16 septembre 2018<\/p>\n\n\n<div class=\"wp-block-image\">\n<figure class=\"aligncenter size-full\"><img loading=\"lazy\" width=\"605\" height=\"403\" src=\"http:\/\/club-arada.fr\/wp-content\/uploads\/2021\/12\/image-9.png\" alt=\"\" class=\"wp-image-31\" srcset=\"http:\/\/club-arada.fr\/wp-content\/uploads\/2021\/12\/image-9.png 605w, http:\/\/club-arada.fr\/wp-content\/uploads\/2021\/12\/image-9-300x200.png 300w\" sizes=\"(max-width: 605px) 100vw, 605px\" \/><\/figure><\/div>\n\n\n<p><a href=\"https:\/\/web.archive.org\/web\/20210414101530\/http:\/club-arada.fr\/1-3\/\"><\/a><\/p>\n\n\n\n<p>Retrouvez la suite ici :&nbsp;<a href=\"https:\/\/web.archive.org\/web\/20210414101530\/http:\/club-arada.fr\/2018\/09\/29\/bambous-bonbons-16-septembre-2018\/\">http:\/\/club-arada.fr\/2018\/09\/29\/bambous-bonbons-16-septembre-2018\/<\/a><\/p>\n\n\n\n<hr class=\"wp-block-separator has-css-opacity\"\/>\n\n\n\n<p>Le Club ARADA en sortie entre Rh\u00f4ne et Sa\u00f4ne<\/p>\n\n\n<div class=\"wp-block-image\">\n<figure class=\"aligncenter size-full\"><img loading=\"lazy\" width=\"605\" height=\"340\" src=\"http:\/\/club-arada.fr\/wp-content\/uploads\/2021\/12\/image-10.png\" alt=\"\" class=\"wp-image-32\" srcset=\"http:\/\/club-arada.fr\/wp-content\/uploads\/2021\/12\/image-10.png 605w, http:\/\/club-arada.fr\/wp-content\/uploads\/2021\/12\/image-10-300x169.png 300w\" sizes=\"(max-width: 605px) 100vw, 605px\" \/><\/figure><\/div>\n\n\n<p><a href=\"https:\/\/web.archive.org\/web\/20210414101530\/http:\/club-arada.fr\/p1210970\/\"><\/a><\/p>\n\n\n\n<p>Retrouvez la suite ici :&nbsp;<a href=\"https:\/\/web.archive.org\/web\/20210414101530\/http:\/club-arada.fr\/2018\/06\/01\/sortie-29-mai-2018-entre-rhone-et-saone\/\">http:\/\/club-arada.fr\/2018\/06\/01\/sortie-29-mai-20\u2026e-rhone-et-saone\/<\/a>&nbsp;\u200e<\/p>\n\n\n\n<hr class=\"wp-block-separator has-css-opacity\"\/>\n\n\n\n<p>La balade ARADA du 29 avril \u2026<\/p>\n\n\n<div class=\"wp-block-image\">\n<figure class=\"aligncenter size-full\"><img loading=\"lazy\" width=\"605\" height=\"403\" src=\"http:\/\/club-arada.fr\/wp-content\/uploads\/2021\/12\/image-11.png\" alt=\"\" class=\"wp-image-33\" srcset=\"http:\/\/club-arada.fr\/wp-content\/uploads\/2021\/12\/image-11.png 605w, http:\/\/club-arada.fr\/wp-content\/uploads\/2021\/12\/image-11-300x200.png 300w\" sizes=\"(max-width: 605px) 100vw, 605px\" \/><\/figure><\/div>\n\n\n<p><a href=\"https:\/\/web.archive.org\/web\/20210414101530\/http:\/club-arada.fr\/dsc_0506\/\"><\/a><\/p>\n\n\n\n<p>Retrouvez la suite ici :&nbsp;<a href=\"https:\/\/web.archive.org\/web\/20210414101530\/http:\/club-arada.fr\/2018\/05\/25\/balade-29-avril-2018\/\">http:\/\/club-arada.fr\/2018\/05\/25\/balade-29-avril-2018\/<\/a><\/p>\n\n\n\n<hr class=\"wp-block-separator has-css-opacity\"\/>\n\n\n\n<p>En visite au centre Alpine de Valence \u2026<\/p>\n\n\n<div class=\"wp-block-image\">\n<figure class=\"aligncenter size-full\"><img loading=\"lazy\" width=\"605\" height=\"403\" src=\"http:\/\/club-arada.fr\/wp-content\/uploads\/2021\/12\/image-12.png\" alt=\"\" class=\"wp-image-34\" srcset=\"http:\/\/club-arada.fr\/wp-content\/uploads\/2021\/12\/image-12.png 605w, http:\/\/club-arada.fr\/wp-content\/uploads\/2021\/12\/image-12-300x200.png 300w\" sizes=\"(max-width: 605px) 100vw, 605px\" \/><\/figure><\/div>\n\n\n<p><a href=\"https:\/\/web.archive.org\/web\/20210414101530\/http:\/club-arada.fr\/dsc_0497\/\"><\/a><\/p>\n\n\n\n<p>Retrouvez la suite ici :&nbsp;<a href=\"https:\/\/web.archive.org\/web\/20210414101530\/http:\/club-arada.fr\/2018\/05\/19\/en-visite-au-centre-alpine-valence\/\">http:\/\/club-arada.fr\/2018\/05\/19\/en-visite-au-centre-alpine-valence\/<\/a><\/p>\n\n\n\n<hr class=\"wp-block-separator has-css-opacity\"\/>\n\n\n\n<p>8\u00e8me rassemblement \u00e0 St P\u00e9ray le 25 f\u00e9vrier 2018<\/p>\n\n\n<div class=\"wp-block-image\">\n<figure class=\"aligncenter size-full\"><img loading=\"lazy\" width=\"212\" height=\"300\" src=\"http:\/\/club-arada.fr\/wp-content\/uploads\/2021\/12\/image-13.png\" alt=\"\" class=\"wp-image-35\"\/><\/figure><\/div>\n\n\n<p><a href=\"https:\/\/web.archive.org\/web\/20210414101530\/http:\/club-arada.fr\/28276336_2008564332493956_6850269924974295961_n\/\"><\/a><\/p>\n\n\n\n<p>Quelques photos de la manifestation :&nbsp;<a href=\"https:\/\/web.archive.org\/web\/20210414101530\/http:\/club-arada.fr\/2018\/04\/01\/st-peray-25-fevrier-2018\/\">http:\/\/club-arada.fr\/2018\/04\/01\/st-peray-25-fevrier-2018\/<\/a>&nbsp;\u200e<\/p>\n\n\n\n<hr class=\"wp-block-separator has-css-opacity\"\/>\n\n\n\n<p>La f\u00eate du timbre 2018, nous y \u00e9tions aussi !<\/p>\n\n\n<div class=\"wp-block-image\">\n<figure class=\"aligncenter size-full\"><img loading=\"lazy\" width=\"224\" height=\"167\" src=\"http:\/\/club-arada.fr\/wp-content\/uploads\/2021\/12\/image-14.png\" alt=\"\" class=\"wp-image-36\"\/><\/figure><\/div>\n\n<div class=\"wp-block-image\">\n<figure class=\"aligncenter size-full\"><img loading=\"lazy\" width=\"194\" height=\"259\" src=\"http:\/\/club-arada.fr\/wp-content\/uploads\/2021\/12\/image-15.png\" alt=\"\" class=\"wp-image-37\"\/><\/figure><\/div>\n\n<div class=\"wp-block-image\">\n<figure class=\"aligncenter size-full\"><img loading=\"lazy\" width=\"270\" height=\"187\" src=\"http:\/\/club-arada.fr\/wp-content\/uploads\/2021\/12\/image-16.png\" alt=\"\" class=\"wp-image-38\"\/><\/figure><\/div>\n\n\n<p><a href=\"https:\/\/web.archive.org\/web\/20210414101530\/http:\/club-arada.fr\/2018\/03\/14\/fete-du-timbre-2018\/a110\/\"><\/a><a href=\"https:\/\/web.archive.org\/web\/20210414101530\/http:\/club-arada.fr\/2018\/03\/14\/fete-du-timbre-2018\/affiche-fete-du-timbre\/\"><\/a><a href=\"https:\/\/web.archive.org\/web\/20210414101530\/http:\/club-arada.fr\/2018\/03\/14\/fete-du-timbre-2018\/r5-3\/\"><\/a><\/p>\n\n\n\n<p>Vu le sujet, c\u2019\u00e9tait tout \u00e0 fait normal !, retrouvez tous les d\u00e9tails ici :&nbsp;<a href=\"https:\/\/web.archive.org\/web\/20210414101530\/http:\/club-arada.fr\/2018\/03\/14\/fete-du-timbre-2018\/\">http:\/\/club-arada.fr\/2018\/03\/14\/fete-du-timbre-2018\/<\/a><\/p>\n\n\n\n<hr class=\"wp-block-separator has-css-opacity\"\/>\n\n\n\n<p><strong>Monte Carlo historique : 3 jours autour de&nbsp; Valence !!!<\/strong><\/p>\n\n\n\n<p><strong>Nous y \u00e9tions !<\/strong><\/p>\n\n\n<div class=\"wp-block-image\">\n<figure class=\"aligncenter size-full\"><img loading=\"lazy\" width=\"442\" height=\"934\" src=\"http:\/\/club-arada.fr\/wp-content\/uploads\/2021\/12\/image-17.png\" alt=\"\" class=\"wp-image-39\" srcset=\"http:\/\/club-arada.fr\/wp-content\/uploads\/2021\/12\/image-17.png 442w, http:\/\/club-arada.fr\/wp-content\/uploads\/2021\/12\/image-17-142x300.png 142w\" sizes=\"(max-width: 442px) 100vw, 442px\" \/><\/figure><\/div>\n\n\n<p><a href=\"https:\/\/web.archive.org\/web\/20210414101530\/http:\/club-arada.fr\/mange_debout_alpine\/\"><\/a><\/p>\n\n\n\n<p><strong>Voir la suite :&nbsp;<\/strong><a href=\"https:\/\/web.archive.org\/web\/20210414101530\/http:\/club-arada.fr\/2018\/02\/09\/monte-carlo-historique-2018\/\"><strong>http:\/\/club-arada.fr\/2018\/02\/09\/monte-carlo-historique-2018\/<\/strong><\/a><\/p>\n\n\n\n<hr class=\"wp-block-separator has-css-opacity\"\/>\n\n\n\n<p><strong>rassemblement La Roche de Glun 2017&nbsp;<\/strong><\/p>\n\n\n<div class=\"wp-block-image\">\n<figure class=\"aligncenter size-full\"><img loading=\"lazy\" width=\"605\" height=\"282\" src=\"http:\/\/club-arada.fr\/wp-content\/uploads\/2021\/12\/image-18.png\" alt=\"\" class=\"wp-image-40\" srcset=\"http:\/\/club-arada.fr\/wp-content\/uploads\/2021\/12\/image-18.png 605w, http:\/\/club-arada.fr\/wp-content\/uploads\/2021\/12\/image-18-300x140.png 300w\" sizes=\"(max-width: 605px) 100vw, 605px\" \/><\/figure><\/div>\n\n\n<p><a href=\"https:\/\/web.archive.org\/web\/20210414101530\/http:\/club-arada.fr\/2017\/04\/17\/inscriptions-rassemblement-les-20ans-darada-17-septembre-2017\/arada-plaque-v2-2017\/\"><\/a><\/p>\n\n\n\n<p>lire la suite :&nbsp; &nbsp;<a href=\"https:\/\/web.archive.org\/web\/20210414101530\/http:\/club-arada.fr\/2017\/10\/20\/rassemblement-du-17-09-2017\/\">http:\/\/club-arada.fr\/2017\/10\/20\/rassemblement-du-17-09-2017\/<\/a><\/p>\n\n\n\n<p><\/p>\n","protected":false},"excerpt":{"rendered":"<p>Bonjour et Bienvenue \u00e0 toutes et tous, F\u00e9vrier 2024, l&rsquo;ARADA est sur les routes avec le Monte Carlo Historique : Sans oublier l&rsquo;incontournable Bruno SABY : Notre 5\u00e8me rassemblement est lanc\u00e9 !!! Suite aux&#46;&#46;&#46;<\/p>\n","protected":false},"author":1,"featured_media":0,"parent":0,"menu_order":0,"comment_status":"closed","ping_status":"closed","template":"","meta":[],"_links":{"self":[{"href":"http:\/\/club-arada.fr\/index.php\/wp-json\/wp\/v2\/pages\/18"}],"collection":[{"href":"http:\/\/club-arada.fr\/index.php\/wp-json\/wp\/v2\/pages"}],"about":[{"href":"http:\/\/club-arada.fr\/index.php\/wp-json\/wp\/v2\/types\/page"}],"author":[{"embeddable":true,"href":"http:\/\/club-arada.fr\/index.php\/wp-json\/wp\/v2\/users\/1"}],"replies":[{"embeddable":true,"href":"http:\/\/club-arada.fr\/index.php\/wp-json\/wp\/v2\/comments?post=18"}],"version-history":[{"count":55,"href":"http:\/\/club-arada.fr\/index.php\/wp-json\/wp\/v2\/pages\/18\/revisions"}],"predecessor-version":[{"id":1677,"href":"http:\/\/club-arada.fr\/index.php\/wp-json\/wp\/v2\/pages\/18\/revisions\/1677"}],"wp:attachment":[{"href":"http:\/\/club-arada.fr\/index.php\/wp-json\/wp\/v2\/media?parent=18"}],"curies":[{"name":"wp","href":"https:\/\/api.w.org\/{rel}","templated":true}]}}