{"id":1178,"date":"2021-12-13T10:27:33","date_gmt":"2021-12-13T09:27:33","guid":{"rendered":"http:\/\/club-arada.fr\/?page_id=1178"},"modified":"2021-12-13T10:27:34","modified_gmt":"2021-12-13T09:27:34","slug":"la-nouvelle-alpine-au-turini","status":"publish","type":"page","link":"http:\/\/club-arada.fr\/index.php\/la-nouvelle-alpine-au-turini\/","title":{"rendered":"la nouvelle Alpine au Turini"},"content":{"rendered":"\n<p><\/p>\n\n\n\n<figure class=\"wp-block-image size-full\"><img loading=\"lazy\" width=\"945\" height=\"630\" src=\"http:\/\/club-arada.fr\/wp-content\/uploads\/2021\/12\/image-969.png\" alt=\"\" class=\"wp-image-1179\" srcset=\"http:\/\/club-arada.fr\/wp-content\/uploads\/2021\/12\/image-969.png 945w, http:\/\/club-arada.fr\/wp-content\/uploads\/2021\/12\/image-969-300x200.png 300w, http:\/\/club-arada.fr\/wp-content\/uploads\/2021\/12\/image-969-768x512.png 768w\" sizes=\"(max-width: 945px) 100vw, 945px\" \/><\/figure>\n\n\n\n<p>aujourd\u2019hui, on d\u00e9couvre quelques photos espions de ce qui ressemble au tournage du spot publicitaire de la&nbsp;<a href=\"https:\/\/web.archive.org\/web\/20210411000255\/https:\/alpineplanet.com\/un-nom-depose-sur-linpi-pour-alpine-as110\/\">nouvelle Alpine AS110 \/ A110<\/a>.<\/p>\n\n\n\n<p>Cette fois plus de doute, la voiture semble finalis\u00e9e, et appairait en partie camoufl\u00e9e. Mais une photo laisse bien observer une porti\u00e8re avec son bleu Alpine de s\u00e9rie avec le petit emboutissage sur l\u2019aile arri\u00e8re juste devant le passage de roue si symbolique et d\u00e9j\u00e0 observ\u00e9&nbsp;<a href=\"https:\/\/web.archive.org\/web\/20210411000255\/https:\/alpineplanet.com\/alpine-revele-la-structure-de-sa-nouvelle-berlinette\/\">sur les pi\u00e8ces aluminium<\/a>.<\/p>\n\n\n\n<p>lire la suite :<\/p>\n\n\n\n<figure class=\"wp-block-embed\"><div class=\"wp-block-embed__wrapper\">\nhttps:\/\/alpineplanet.com\/alpine-tournage-col-turini\/\n<\/div><\/figure>\n","protected":false},"excerpt":{"rendered":"<p>aujourd\u2019hui, on d\u00e9couvre quelques photos espions de ce qui ressemble au tournage du spot publicitaire de la&nbsp;nouvelle Alpine AS110 \/ A110. Cette fois plus de doute, la voiture semble finalis\u00e9e, et appairait en partie&#46;&#46;&#46;<\/p>\n","protected":false},"author":1,"featured_media":0,"parent":0,"menu_order":0,"comment_status":"closed","ping_status":"closed","template":"","meta":[],"_links":{"self":[{"href":"http:\/\/club-arada.fr\/index.php\/wp-json\/wp\/v2\/pages\/1178"}],"collection":[{"href":"http:\/\/club-arada.fr\/index.php\/wp-json\/wp\/v2\/pages"}],"about":[{"href":"http:\/\/club-arada.fr\/index.php\/wp-json\/wp\/v2\/types\/page"}],"author":[{"embeddable":true,"href":"http:\/\/club-arada.fr\/index.php\/wp-json\/wp\/v2\/users\/1"}],"replies":[{"embeddable":true,"href":"http:\/\/club-arada.fr\/index.php\/wp-json\/wp\/v2\/comments?post=1178"}],"version-history":[{"count":1,"href":"http:\/\/club-arada.fr\/index.php\/wp-json\/wp\/v2\/pages\/1178\/revisions"}],"predecessor-version":[{"id":1180,"href":"http:\/\/club-arada.fr\/index.php\/wp-json\/wp\/v2\/pages\/1178\/revisions\/1180"}],"wp:attachment":[{"href":"http:\/\/club-arada.fr\/index.php\/wp-json\/wp\/v2\/media?parent=1178"}],"curies":[{"name":"wp","href":"https:\/\/api.w.org\/{rel}","templated":true}]}}