{"id":1117,"date":"2021-12-13T09:50:00","date_gmt":"2021-12-13T08:50:00","guid":{"rendered":"http:\/\/club-arada.fr\/?page_id=1117"},"modified":"2021-12-13T09:50:00","modified_gmt":"2021-12-13T08:50:00","slug":"sortie-pique-nique-23-06-2019","status":"publish","type":"page","link":"http:\/\/club-arada.fr\/index.php\/sortie-pique-nique-23-06-2019\/","title":{"rendered":"Sortie pique-nique 23-06-2019"},"content":{"rendered":"\n<p>15 \u00e9quipages pour cette balade touristique \u00e0 la journ\u00e9e, d\u2019environ 100 km qui nous a men\u00e9e au lac d\u2019ANNEYRON (26) o\u00f9 les repas \u00e9taient tir\u00e9s du sac, avec organisation d\u2019un concours de boules pour finir la journ\u00e9e.<\/p>\n\n\n\n<p>Le programme nous avait \u00e9t\u00e9 propos\u00e9 par Eric, avec pour nom \u00ab&nbsp;3<sup>\u00e8me<\/sup>&nbsp;balade Alpinette&nbsp;\u00bb. Cette balade \u00e0 la journ\u00e9e est r\u00e9alis\u00e9e chaque ann\u00e9e en souvenir de notre ami Christian qui nous a quitt\u00e9 pr\u00e9matur\u00e9ment.<\/p>\n\n\n\n<p>Le point de d\u00e9part \u00e9tait fix\u00e9 \u00e0 PEYRINS (26), \u00e0 la boulangerie LAURENS, pour la prise du petit d\u00e9jeuner et remise du livre de route.<\/p>\n\n\n\n<p>Le trajet nous a men\u00e9 des contreforts du Vercors, jusqu\u2019\u00e0 MANTAILLE (26), en empruntant de petites, tr\u00e8s petites, routes de la Dr\u00f4me des Collines.<\/p>\n\n\n\n<p>Les villages travers\u00e9s, CHATUZANGE, BARBIERES, ROCHEFORT, HOSTUN, EYMEUX, PEROUX, CHATILLON, ST MICHEL SUR SAVASSE, CREPOL, ST CHRISTOPHE ET LE LARIS, CHATEAUNEUF DE GALAURE et MANTAILLE (Que des capitales&nbsp;!!!). A MANTAILLE, se tenait le MANTAAILL-ART, march\u00e9 artisanal o\u00f9 les participants ont pu se d\u00e9salt\u00e9rer et proc\u00e9der \u00e0 divers achats aupr\u00e8s des artisans pr\u00e9sents.<\/p>\n\n\n\n<p>Le groupe au complet prend la route jusqu\u2019\u00e0 ANNEYRON, pour le pique-nique annuel qui se d\u00e9roule toujours dans la convivialit\u00e9 et la bonne humeur.<\/p>\n\n\n\n<p>Le concours de boules organis\u00e9 par Eric a donn\u00e9 lieu \u00e0 des joutes verbales \u00ab&nbsp;\u00e9piques&nbsp;\u00bb, et ce sont finalement LORIE et GERARD qui ont \u00e9t\u00e9 d\u00e9clar\u00e9s vainqueurs.<\/p>\n\n\n\n<p>Merci encore \u00e0 Eric pour l\u2019organisation de cette sortie conviviale et sympathique.<\/p>\n\n\n\n<p><a href=\"https:\/\/web.archive.org\/web\/20210414112805\/http:\/club-arada.fr\/img_20190623_115700\/\"><\/a><\/p>\n\n\n\n<figure class=\"wp-block-image size-full\"><img loading=\"lazy\" width=\"945\" height=\"532\" src=\"http:\/\/club-arada.fr\/wp-content\/uploads\/2021\/12\/image-928.png\" alt=\"\" class=\"wp-image-1118\" srcset=\"http:\/\/club-arada.fr\/wp-content\/uploads\/2021\/12\/image-928.png 945w, http:\/\/club-arada.fr\/wp-content\/uploads\/2021\/12\/image-928-300x169.png 300w, http:\/\/club-arada.fr\/wp-content\/uploads\/2021\/12\/image-928-768x432.png 768w\" sizes=\"(max-width: 945px) 100vw, 945px\" \/><\/figure>\n\n\n\n<figure class=\"wp-block-image size-full\"><img loading=\"lazy\" width=\"945\" height=\"477\" src=\"http:\/\/club-arada.fr\/wp-content\/uploads\/2021\/12\/image-929.png\" alt=\"\" class=\"wp-image-1119\" srcset=\"http:\/\/club-arada.fr\/wp-content\/uploads\/2021\/12\/image-929.png 945w, http:\/\/club-arada.fr\/wp-content\/uploads\/2021\/12\/image-929-300x151.png 300w, http:\/\/club-arada.fr\/wp-content\/uploads\/2021\/12\/image-929-768x388.png 768w\" sizes=\"(max-width: 945px) 100vw, 945px\" \/><\/figure>\n\n\n\n<figure class=\"wp-block-image size-full\"><img loading=\"lazy\" width=\"945\" height=\"508\" src=\"http:\/\/club-arada.fr\/wp-content\/uploads\/2021\/12\/image-930.png\" alt=\"\" class=\"wp-image-1120\" srcset=\"http:\/\/club-arada.fr\/wp-content\/uploads\/2021\/12\/image-930.png 945w, http:\/\/club-arada.fr\/wp-content\/uploads\/2021\/12\/image-930-300x161.png 300w, http:\/\/club-arada.fr\/wp-content\/uploads\/2021\/12\/image-930-768x413.png 768w\" sizes=\"(max-width: 945px) 100vw, 945px\" \/><\/figure>\n\n\n\n<figure class=\"wp-block-image size-full\"><img loading=\"lazy\" width=\"945\" height=\"526\" src=\"http:\/\/club-arada.fr\/wp-content\/uploads\/2021\/12\/image-931.png\" alt=\"\" class=\"wp-image-1121\" srcset=\"http:\/\/club-arada.fr\/wp-content\/uploads\/2021\/12\/image-931.png 945w, http:\/\/club-arada.fr\/wp-content\/uploads\/2021\/12\/image-931-300x167.png 300w, http:\/\/club-arada.fr\/wp-content\/uploads\/2021\/12\/image-931-768x427.png 768w\" sizes=\"(max-width: 945px) 100vw, 945px\" \/><\/figure>\n\n\n\n<figure class=\"wp-block-image size-full\"><img loading=\"lazy\" width=\"945\" height=\"532\" src=\"http:\/\/club-arada.fr\/wp-content\/uploads\/2021\/12\/image-932.png\" alt=\"\" class=\"wp-image-1122\" srcset=\"http:\/\/club-arada.fr\/wp-content\/uploads\/2021\/12\/image-932.png 945w, http:\/\/club-arada.fr\/wp-content\/uploads\/2021\/12\/image-932-300x169.png 300w, http:\/\/club-arada.fr\/wp-content\/uploads\/2021\/12\/image-932-768x432.png 768w\" sizes=\"(max-width: 945px) 100vw, 945px\" \/><\/figure>\n\n\n\n<figure class=\"wp-block-image size-full\"><img loading=\"lazy\" width=\"945\" height=\"630\" src=\"http:\/\/club-arada.fr\/wp-content\/uploads\/2021\/12\/image-933.png\" alt=\"\" class=\"wp-image-1123\" srcset=\"http:\/\/club-arada.fr\/wp-content\/uploads\/2021\/12\/image-933.png 945w, http:\/\/club-arada.fr\/wp-content\/uploads\/2021\/12\/image-933-300x200.png 300w, http:\/\/club-arada.fr\/wp-content\/uploads\/2021\/12\/image-933-768x512.png 768w\" sizes=\"(max-width: 945px) 100vw, 945px\" \/><\/figure>\n\n\n\n<p><a href=\"https:\/\/web.archive.org\/web\/20210414112805\/http:\/club-arada.fr\/img_20190623_115634a\/\"><\/a><\/p>\n\n\n\n<p><a href=\"https:\/\/web.archive.org\/web\/20210414112805\/http:\/club-arada.fr\/img_20190623_115613a\/\"><\/a><\/p>\n\n\n\n<p><a href=\"https:\/\/web.archive.org\/web\/20210414112805\/http:\/club-arada.fr\/img_20190623_115601a\/\"><\/a><\/p>\n\n\n\n<p><a href=\"https:\/\/web.archive.org\/web\/20210414112805\/http:\/club-arada.fr\/img_20190623_115544\/\"><\/a><\/p>\n\n\n\n<p><a href=\"https:\/\/web.archive.org\/web\/20210414112805\/http:\/club-arada.fr\/dsc_1158\/\"><\/a><\/p>\n","protected":false},"excerpt":{"rendered":"<p>15 \u00e9quipages pour cette balade touristique \u00e0 la journ\u00e9e, d\u2019environ 100 km qui nous a men\u00e9e au lac d\u2019ANNEYRON (26) o\u00f9 les repas \u00e9taient tir\u00e9s du sac, avec organisation d\u2019un concours de boules pour&#46;&#46;&#46;<\/p>\n","protected":false},"author":1,"featured_media":0,"parent":0,"menu_order":0,"comment_status":"closed","ping_status":"closed","template":"","meta":[],"_links":{"self":[{"href":"http:\/\/club-arada.fr\/index.php\/wp-json\/wp\/v2\/pages\/1117"}],"collection":[{"href":"http:\/\/club-arada.fr\/index.php\/wp-json\/wp\/v2\/pages"}],"about":[{"href":"http:\/\/club-arada.fr\/index.php\/wp-json\/wp\/v2\/types\/page"}],"author":[{"embeddable":true,"href":"http:\/\/club-arada.fr\/index.php\/wp-json\/wp\/v2\/users\/1"}],"replies":[{"embeddable":true,"href":"http:\/\/club-arada.fr\/index.php\/wp-json\/wp\/v2\/comments?post=1117"}],"version-history":[{"count":1,"href":"http:\/\/club-arada.fr\/index.php\/wp-json\/wp\/v2\/pages\/1117\/revisions"}],"predecessor-version":[{"id":1124,"href":"http:\/\/club-arada.fr\/index.php\/wp-json\/wp\/v2\/pages\/1117\/revisions\/1124"}],"wp:attachment":[{"href":"http:\/\/club-arada.fr\/index.php\/wp-json\/wp\/v2\/media?parent=1117"}],"curies":[{"name":"wp","href":"https:\/\/api.w.org\/{rel}","templated":true}]}}