{"id":1035,"date":"2021-12-13T09:35:46","date_gmt":"2021-12-13T08:35:46","guid":{"rendered":"http:\/\/club-arada.fr\/?page_id=1035"},"modified":"2021-12-13T09:35:46","modified_gmt":"2021-12-13T08:35:46","slug":"balade-29-avril-2018","status":"publish","type":"page","link":"http:\/\/club-arada.fr\/index.php\/balade-29-avril-2018\/","title":{"rendered":"Balade 29 avril 2018"},"content":{"rendered":"\n<figure class=\"wp-block-image size-full\"><img loading=\"lazy\" width=\"945\" height=\"630\" src=\"http:\/\/club-arada.fr\/wp-content\/uploads\/2021\/12\/image-868.png\" alt=\"\" class=\"wp-image-1036\" srcset=\"http:\/\/club-arada.fr\/wp-content\/uploads\/2021\/12\/image-868.png 945w, http:\/\/club-arada.fr\/wp-content\/uploads\/2021\/12\/image-868-300x200.png 300w, http:\/\/club-arada.fr\/wp-content\/uploads\/2021\/12\/image-868-768x512.png 768w\" sizes=\"(max-width: 945px) 100vw, 945px\" \/><\/figure>\n\n\n\n<p>Nous nous retrouvons dans une des magnifiques salles du ch\u00e2teau de Chateaudouble pour le traditionnel caf\u00e9 de d\u00e9part de balade<\/p>\n\n\n\n<figure class=\"wp-block-image size-full\"><img loading=\"lazy\" width=\"945\" height=\"630\" src=\"http:\/\/club-arada.fr\/wp-content\/uploads\/2021\/12\/image-869.png\" alt=\"\" class=\"wp-image-1037\" srcset=\"http:\/\/club-arada.fr\/wp-content\/uploads\/2021\/12\/image-869.png 945w, http:\/\/club-arada.fr\/wp-content\/uploads\/2021\/12\/image-869-300x200.png 300w, http:\/\/club-arada.fr\/wp-content\/uploads\/2021\/12\/image-869-768x512.png 768w\" sizes=\"(max-width: 945px) 100vw, 945px\" \/><\/figure>\n\n\n\n<p><a href=\"https:\/\/web.archive.org\/web\/20210414104332\/http:\/club-arada.fr\/dsc_0503\/\"><\/a><\/p>\n\n\n\n<p>Le service est cordial, Georges est \u00e0 la manoeuvre<\/p>\n\n\n\n<figure class=\"wp-block-image size-full\"><img loading=\"lazy\" width=\"945\" height=\"630\" src=\"http:\/\/club-arada.fr\/wp-content\/uploads\/2021\/12\/image-870.png\" alt=\"\" class=\"wp-image-1038\" srcset=\"http:\/\/club-arada.fr\/wp-content\/uploads\/2021\/12\/image-870.png 945w, http:\/\/club-arada.fr\/wp-content\/uploads\/2021\/12\/image-870-300x200.png 300w, http:\/\/club-arada.fr\/wp-content\/uploads\/2021\/12\/image-870-768x512.png 768w\" sizes=\"(max-width: 945px) 100vw, 945px\" \/><\/figure>\n\n\n\n<p><a href=\"https:\/\/web.archive.org\/web\/20210414104332\/http:\/club-arada.fr\/dsc_0505\/\"><\/a><\/p>\n\n\n\n<p>Mammie A110 et sa petite fille font honneur au ch\u00e2teau<\/p>\n\n\n\n<figure class=\"wp-block-image size-full\"><img loading=\"lazy\" width=\"945\" height=\"630\" src=\"http:\/\/club-arada.fr\/wp-content\/uploads\/2021\/12\/image-871.png\" alt=\"\" class=\"wp-image-1039\" srcset=\"http:\/\/club-arada.fr\/wp-content\/uploads\/2021\/12\/image-871.png 945w, http:\/\/club-arada.fr\/wp-content\/uploads\/2021\/12\/image-871-300x200.png 300w, http:\/\/club-arada.fr\/wp-content\/uploads\/2021\/12\/image-871-768x512.png 768w\" sizes=\"(max-width: 945px) 100vw, 945px\" \/><\/figure>\n\n\n\n<figure class=\"wp-block-image size-full\"><img loading=\"lazy\" width=\"945\" height=\"630\" src=\"http:\/\/club-arada.fr\/wp-content\/uploads\/2021\/12\/image-872.png\" alt=\"\" class=\"wp-image-1040\" srcset=\"http:\/\/club-arada.fr\/wp-content\/uploads\/2021\/12\/image-872.png 945w, http:\/\/club-arada.fr\/wp-content\/uploads\/2021\/12\/image-872-300x200.png 300w, http:\/\/club-arada.fr\/wp-content\/uploads\/2021\/12\/image-872-768x512.png 768w\" sizes=\"(max-width: 945px) 100vw, 945px\" \/><\/figure>\n\n\n\n<p><a href=\"https:\/\/web.archive.org\/web\/20210414104332\/http:\/club-arada.fr\/accueil\/dsc_0506\/\"><\/a><\/p>\n\n\n\n<figure class=\"wp-block-image size-full\"><img loading=\"lazy\" width=\"945\" height=\"630\" src=\"http:\/\/club-arada.fr\/wp-content\/uploads\/2021\/12\/image-873.png\" alt=\"\" class=\"wp-image-1041\" srcset=\"http:\/\/club-arada.fr\/wp-content\/uploads\/2021\/12\/image-873.png 945w, http:\/\/club-arada.fr\/wp-content\/uploads\/2021\/12\/image-873-300x200.png 300w, http:\/\/club-arada.fr\/wp-content\/uploads\/2021\/12\/image-873-768x512.png 768w\" sizes=\"(max-width: 945px) 100vw, 945px\" \/><\/figure>\n\n\n\n<figure class=\"wp-block-image size-full\"><img loading=\"lazy\" width=\"945\" height=\"630\" src=\"http:\/\/club-arada.fr\/wp-content\/uploads\/2021\/12\/image-874.png\" alt=\"\" class=\"wp-image-1042\" srcset=\"http:\/\/club-arada.fr\/wp-content\/uploads\/2021\/12\/image-874.png 945w, http:\/\/club-arada.fr\/wp-content\/uploads\/2021\/12\/image-874-300x200.png 300w, http:\/\/club-arada.fr\/wp-content\/uploads\/2021\/12\/image-874-768x512.png 768w\" sizes=\"(max-width: 945px) 100vw, 945px\" \/><\/figure>\n\n\n\n<p><a href=\"https:\/\/web.archive.org\/web\/20210414104332\/http:\/club-arada.fr\/dsc_0511\/\"><\/a><\/p>\n\n\n\n<p>Arr\u00eat casse-croute de midi<\/p>\n\n\n\n<figure class=\"wp-block-image size-full\"><img loading=\"lazy\" width=\"945\" height=\"630\" src=\"http:\/\/club-arada.fr\/wp-content\/uploads\/2021\/12\/image-875.png\" alt=\"\" class=\"wp-image-1043\" srcset=\"http:\/\/club-arada.fr\/wp-content\/uploads\/2021\/12\/image-875.png 945w, http:\/\/club-arada.fr\/wp-content\/uploads\/2021\/12\/image-875-300x200.png 300w, http:\/\/club-arada.fr\/wp-content\/uploads\/2021\/12\/image-875-768x512.png 768w\" sizes=\"(max-width: 945px) 100vw, 945px\" \/><\/figure>\n\n\n\n<p>Fin de journ\u00e9e, d\u00e9briefing du quizz par le pr\u00e9sident d\u2019honneur un des organisateurs de la balade.<\/p>\n\n\n\n<p>En r\u00e9sum\u00e9 : excellente journ\u00e9e m\u00eame si l\u2019apr\u00e8s-midi a \u00e9t\u00e9 arros\u00e9e. Il faut bien v\u00e9rifier l\u2019\u00e9tanch\u00e9it\u00e9 de nos autos de temps \u00e0 autres \u2026<\/p>\n","protected":false},"excerpt":{"rendered":"<p>Nous nous retrouvons dans une des magnifiques salles du ch\u00e2teau de Chateaudouble pour le traditionnel caf\u00e9 de d\u00e9part de balade Le service est cordial, Georges est \u00e0 la manoeuvre Mammie A110 et sa petite&#46;&#46;&#46;<\/p>\n","protected":false},"author":1,"featured_media":0,"parent":0,"menu_order":0,"comment_status":"closed","ping_status":"closed","template":"","meta":[],"_links":{"self":[{"href":"http:\/\/club-arada.fr\/index.php\/wp-json\/wp\/v2\/pages\/1035"}],"collection":[{"href":"http:\/\/club-arada.fr\/index.php\/wp-json\/wp\/v2\/pages"}],"about":[{"href":"http:\/\/club-arada.fr\/index.php\/wp-json\/wp\/v2\/types\/page"}],"author":[{"embeddable":true,"href":"http:\/\/club-arada.fr\/index.php\/wp-json\/wp\/v2\/users\/1"}],"replies":[{"embeddable":true,"href":"http:\/\/club-arada.fr\/index.php\/wp-json\/wp\/v2\/comments?post=1035"}],"version-history":[{"count":1,"href":"http:\/\/club-arada.fr\/index.php\/wp-json\/wp\/v2\/pages\/1035\/revisions"}],"predecessor-version":[{"id":1044,"href":"http:\/\/club-arada.fr\/index.php\/wp-json\/wp\/v2\/pages\/1035\/revisions\/1044"}],"wp:attachment":[{"href":"http:\/\/club-arada.fr\/index.php\/wp-json\/wp\/v2\/media?parent=1035"}],"curies":[{"name":"wp","href":"https:\/\/api.w.org\/{rel}","templated":true}]}}